{"id":5994,"date":"2018-04-18T11:19:07","date_gmt":"2018-04-18T09:19:07","guid":{"rendered":"http:\/\/cecca.cloudxeral.com\/?page_id=5994"},"modified":"2024-02-28T23:26:29","modified_gmt":"2024-02-28T22:26:29","slug":"formacion-bonificada","status":"publish","type":"page","link":"https:\/\/aula-cecca.es\/wp_xeral_25_02\/formacion-bonificada\/","title":{"rendered":"Formaci\u00f3n bonificada"},"content":{"rendered":"<p>[vc_row css=\u00bb.vc_custom_1524216973142{padding-top: 60px !important;padding-bottom: 60px !important;}\u00bb][vc_column width=\u00bb1\/2&#8243;][vc_single_image image=\u00bb6036&#8243; img_size=\u00bbfull\u00bb][vc_empty_space height=\u00bb20px\u00bb][vc_single_image image=\u00bb6099&#8243; img_size=\u00bbfull\u00bb][\/vc_column][vc_column width=\u00bb1\/2&#8243;][vc_column_text]<\/p>\n<p style=\"text-align: justify;\">Las \u00a0empresas con trabajadores en el r\u00e9gimen general de la seguridad social disponen de una cuota anual para invertir en formaci\u00f3n.<\/p>\n<p style=\"text-align: justify;\">Esta cuota <u>\u00fanicamente podr\u00e1 ser utilizada en formaci\u00f3n<\/u> y podr\u00e1 acumularse de una a\u00f1o para otro.<\/p>\n<p style=\"text-align: justify;\">La mayor\u00eda de las veces la formaci\u00f3n necesaria requiere de unos recursos muy superiores a la cuota disponible y exige de un complicado proceso de gesti\u00f3n que convierte en inviable este tipo de ayudas.<\/p>\n<p style=\"text-align: justify;\">En este sentido CECCA-formaci\u00f3n ha constituido una <strong>agrupaci\u00f3n de empresas<\/strong> a la que cualquier empresa puede adherirse y beneficiarse as\u00ed de este tipo de formaci\u00f3n.<\/p>\n<p style=\"text-align: justify;\">Igualmente se realizan todas las gestiones administrativas necesarias para la obtenci\u00f3n de este tipo de ayudas, sin coste adicional, facilitando a las asesor\u00edas toda la documentaci\u00f3n precisa.<\/p>\n<p>[\/vc_column_text][vc_empty_space height=\u00bb20px\u00bb][vc_empty_space height=\u00bb20px\u00bb][vc_btn title=\u00bbACCEDER AULA VIRTUAL\u00bb style=\u00bboutline\u00bb align=\u00bbleft\u00bb link=\u00bburl:http%3A%2F%2Fcecca.virtual-aula.com%2F||target:%20_blank|\u00bb][\/vc_column][\/vc_row][vc_row][vc_column][vc_column_text]<\/p>\n<p style=\"text-align: justify;\">A continuaci\u00f3n ofrecemos una lista de cursos de inter\u00e9s para la cualificaci\u00f3n de los trabajadores.<\/p>\n<p style=\"text-align: justify;\">Se trata de <strong>acciones formativas<\/strong> relacionadas con los puestos de trabajo en <strong>modalidad OnLine, Presencial o Mixta<\/strong> contando, en todo caso, con los materiales precisos y un <strong>profesor\/tutor<\/strong> que dirigir\u00e1 el proceso de aprendizaje a disposici\u00f3n del alumno para resolver cualquier duda por m\u00faltiples medios (tel\u00e9fono, email, foros, chat, mensajer\u00eda interna, tutor\u00eda presencial&#8230;).<\/p>\n<p style=\"text-align: justify;\">Esta formaci\u00f3n resulta <strong>GRATUITA<\/strong> para las empresas al ser descontado el importe de la misma de las cotizaciones de la seguridad social.<\/p>\n<p style=\"text-align: justify;\">Esta cuota de formaci\u00f3n, disponible para la empresa a lo largo de todo el a\u00f1o, s\u00f3lo podr\u00e1 ser utilizada para formar a sus trabajadores y, de no utilizarla para este cometido, la empresa la perder\u00e1 inevitablemente.<\/p>\n<p style=\"text-align: justify;\">Una vez superado el curso se emitir\u00e1 un <strong>diploma<\/strong> respaldado por <strong>FUNDACI\u00d3N ESTATAL para la Formaci\u00f3n en el Empleo<\/strong> de importante valor curricular para el trabajador y que, adem\u00e1s sirve de acreditaci\u00f3n para las empresas imprescindible en formaci\u00f3n de car\u00e1cter obligatorio (Prevenci\u00f3n de Riesgos Laborales, Manipulador de alimentos, CAP transportistas.<\/p>\n<p style=\"text-align: justify;\"><strong>Modalidades de formaci\u00f3n bonificables<\/strong><\/p>\n<p style=\"text-align: justify;\">Actualmente s\u00f3lo se pueden bonificar acciones formativas impartidas en modalidad <strong>Prensencial, OnLine y Mixta<\/strong>.<\/p>\n<p style=\"text-align: justify;\"><strong>La formaci\u00f3n OnLine:<\/strong><\/p>\n<p style=\"text-align: justify;\">A d\u00eda de hoy est\u00e1 siendo la modalidad m\u00e1s demandada y mejor valorada por los alumnos y empresas contando, entre otras, con las siguientes <strong>ventajas<\/strong>:<\/p>\n<ul>\n<li style=\"text-align: justify;\">Aporta al alumno total <strong>libertad<\/strong> al permitirle acceder en cualquier lugar, cualquier d\u00eda a cualquier hora.<\/li>\n<li style=\"text-align: justify;\">Permite visualizar los contenidos a la <strong>velocidad<\/strong> deseada por el alumno, pudiendo avanzar o <strong>retroceder<\/strong> seg\u00fan sus necesidades.<\/li>\n<li style=\"text-align: justify;\">Permite acceder a una <strong>mayor oferta formativa<\/strong> y m\u00e1s adaptada a las necesidades del alumno\/empresa.<\/li>\n<li style=\"text-align: justify;\">Permite ofrecer <strong>contenidos personalizados<\/strong>, adaptados al nivel de cada alumno y\/o a las necesidades de cada empresa.<\/li>\n<li style=\"text-align: justify;\">Es una formaci\u00f3n m\u00e1s <strong>amena y motivadora<\/strong> para el alumno que aporta mayor variedad de formatos (v\u00eddeo, audio, interacciones, animaciones, evaluaci\u00f3n,\u2026).<\/li>\n<li style=\"text-align: justify;\">Al disponer en todo caso de <strong>un profesor\/tutor<\/strong> al que poder acceder permite al alumno solucionar cualquier duda v\u00eda tel\u00e9fono, tutor\u00eda presencial, chat, email, whatsapp\u2026<\/li>\n<li style=\"text-align: justify;\">Supone un <strong>menor coste<\/strong> para la empresa y para la administraci\u00f3n.<\/li>\n<li style=\"text-align: justify;\">Permite un <strong>mayor control del proceso formativo<\/strong> por parte del profesor al poder verificar en todo momento el grado de seguimiento del alumno.<\/li>\n<\/ul>\n<p>[\/vc_column_text][\/vc_column][\/vc_row][vc_row][vc_column][vc_column_text]<\/p>\n<h2>PLAN DE FORMACI\u00d3N BONIFICADA 2.024<\/h2>\n<h3>CAT\u00c1LOGO DE CURSOS DE FORMACI\u00d3N<\/h3>\n<p>[\/vc_column_text][vc_empty_space height=\u00bb30px\u00bb][vc_tta_accordion active_section=\u00bb5656&#8243; collapsible_all=\u00bbtrue\u00bb][vc_tta_section title=\u00bbCursos comunes\u00bb tab_id=\u00bb1557822318553-0af06981-cbe9&#8243;][vc_column_text]<\/p>\n<ul>\n<li>Organizaci\u00f3n de equipos en teletrabajo<\/li>\n<li>Seguridad inform\u00e1tica en entornos de teletrabajo<\/li>\n<li>Prevenci\u00f3n de Riesgos Laborales<\/li>\n<li>Gesti\u00f3n de la prevenci\u00f3n de riesgos laborales<\/li>\n<li>Prevenci\u00f3n de riesgos in itinere<\/li>\n<li>Prevenci\u00f3n de riesgos en el manejo de andamios<\/li>\n<li>Prevenci\u00f3n de riesgos en la conducci\u00f3n<\/li>\n<li>Primeros Auxilios<\/li>\n<li>T\u00e9cnicas de venta<\/li>\n<li>Atenci\u00f3n al cliente<\/li>\n<li>T\u00e9cnicas de recepci\u00f3n y comunicaci\u00f3n<\/li>\n<li>Fidelizaci\u00f3n de clientes<\/li>\n<li>Gesti\u00f3n de la atenci\u00f3n al cliente\/consumidor<\/li>\n<li>Organizaci\u00f3n de procesos de venta<\/li>\n<li>Las Nuevas Tecnolog\u00edas en la comunicaci\u00f3n y sus relaciones con la Administraci\u00f3n<\/li>\n<li>Inform\u00e1tica\/Ofim\u00e1tica\/Internet\n<ul>\n<li>Aplicaciones inform\u00e1ticas de tratamiento de textos<\/li>\n<li>Aplicaciones inform\u00e1ticas de hojas de c\u00e1lculo<\/li>\n<li>Aplicaciones inform\u00e1ticas de bases de datos<\/li>\n<li>Aplicaciones inform\u00e1ticas para presentaciones<\/li>\n<\/ul>\n<\/li>\n<li>Obtenci\u00f3n permisos de conducci\u00f3n, A1, A2, B&#8230;<\/li>\n<li>La inteligencia emocional y su trascendencia en la organizaci\u00f3n empresarial<\/li>\n<li>C\u00f3mo reducir el estr\u00e9s laboral<\/li>\n<li>Habilidades de coaching<\/li>\n<li>Introducci\u00f3n al Marketing en Internet. Marketing 2.0<\/li>\n<li>Promoci\u00f3n de la empresa en internet y redes sociales<\/li>\n<li>Twitter en la empresa<\/li>\n<li>Facebook para empresas y emprendedores<\/li>\n<li>DISE\u00d1O WEB:\n<ul>\n<li>Joomla<\/li>\n<li>WordPress<\/li>\n<li>Prestashop<\/li>\n<li>Venta online<\/li>\n<\/ul>\n<\/li>\n<li>IDIOMAS:\n<ul>\n<li>Ingl\u00e9s<\/li>\n<li>Franc\u00e9s<\/li>\n<li>Alem\u00e1n<\/li>\n<li>&#8230;<\/li>\n<\/ul>\n<\/li>\n<li><strong>CRM <\/strong>(Centro de Relaci\u00f3n con los Clientes)\n<ul>\n<li><strong>Vtiger<\/strong><\/li>\n<\/ul>\n<\/li>\n<li><strong>ERP <\/strong>(Planificaci\u00f3n de Recursos Empresariales)\n<ul>\n<li><strong>COREbosCRM<\/strong><\/li>\n<li><strong>Zoho CRM<\/strong><\/li>\n<\/ul>\n<\/li>\n<li><strong>Nueva Normativa Europea sobre Protecci\u00f3n de Datos<\/strong><\/li>\n<li><strong>Herramientas de internet aplicadas a la empresa:<\/strong>\n<ul>\n<li>Amazon<\/li>\n<li>eBay<\/li>\n<li>Flickr<\/li>\n<li>Facebook<\/li>\n<li>YouTube<\/li>\n<li>Dropbox<\/li>\n<li>Gmail<\/li>\n<\/ul>\n<\/li>\n<\/ul>\n<p>[\/vc_column_text][\/vc_tta_section][vc_tta_section title=\u00bbRecursos humanos y habilidades directivas\u00bb tab_id=\u00bb1557822318566-8c017149-bb5a\u00bb][vc_column_text]<\/p>\n<ul>\n<li>Organizaci\u00f3n de equipos en teletrabajo<\/li>\n<li>Seguridad inform\u00e1tica en entornos de teletrabajo<\/li>\n<li>Coronavirus COVID-19 y tratamiento<\/li>\n<li>Limpieza, higienizaci\u00f3n y desinfecci\u00f3n (medidas COVID-19)<\/li>\n<li>Gesti\u00f3n de recursos humanos<\/li>\n<li>El conflicto en Mediaci\u00f3n: tipolog\u00eda y su resoluci\u00f3n adecuada<\/li>\n<li>Habilidades de coaching<\/li>\n<li>Coaching empresarial, creativo y gesti\u00f3n de equipos<\/li>\n<li>La inteligencia emocional y su trascendencia en la organizaci\u00f3n empresarial<\/li>\n<li>C\u00f3mo reducir el estr\u00e9s laboral<\/li>\n<li>Automotivaci\u00f3n<\/li>\n<li>Gesti\u00f3n de uno mismo<\/li>\n<li>Mindfulness<\/li>\n<li>Toma de decisiones<\/li>\n<li>Trabajo en equipo<\/li>\n<li>Liderazgo<\/li>\n<\/ul>\n<p>[\/vc_column_text][\/vc_tta_section][vc_tta_section title=\u00bbOfim\u00e1tica\u00bb tab_id=\u00bb1557822966918-5b99be4b-cc12&#8243;][vc_column_text]<\/p>\n<ul>\n<li>Internet y Correo Electr\u00f3nico<\/li>\n<li>OFICCE:\n<ul>\n<li>Word<\/li>\n<li>Excel<\/li>\n<li>Access<\/li>\n<li>Powerpoint<\/li>\n<li>Google Drive<\/li>\n<li>&#8230;<\/li>\n<\/ul>\n<\/li>\n<\/ul>\n<p>[\/vc_column_text][\/vc_tta_section][vc_tta_section title=\u00bbDise\u00f1o \/ Imagen\u00bb tab_id=\u00bb1557823044769-ff68b7af-58cd\u00bb][vc_column_text]<\/p>\n<ul>\n<li>Fotograf\u00eda<\/li>\n<li>CorelDraw X5<\/li>\n<li>Photoshop CS6<\/li>\n<li>Illustrator<\/li>\n<li>&#8230;<\/li>\n<\/ul>\n<p>[\/vc_column_text][\/vc_tta_section][vc_tta_section title=\u00bbIdiomas\u00bb tab_id=\u00bb1557823256588-df3b05d9-aed4&#8243;][vc_column_text]<\/p>\n<ul>\n<li>Ingl\u00e9s<\/li>\n<li>Franc\u00e9s<\/li>\n<li>Alem\u00e1n<\/li>\n<li>&#8230;<\/li>\n<\/ul>\n<p>[\/vc_column_text][\/vc_tta_section][vc_tta_section title=\u00bbFarmacias\u00bb tab_id=\u00bb1595403191468-5ae2886f-3d3f\u00bb][vc_column_text]<\/p>\n<ul>\n<li>T\u00e9cnico Auxiliar de Farmacia I, II, III y IV<\/li>\n<li>T\u00e9cnico en Prevenci\u00f3n de Riesgos Laborales en Oficinas de Farmacia<\/li>\n<li>Celador en Instituciones Sanitarias I, II y III<\/li>\n<li>T\u00e9cnico Auxiliar de Parafarmacia<\/li>\n<li>Certificaci\u00f3n en Trazabilidad y Seguridad Alimentaria I y II<\/li>\n<li>Curso Superior de Homeopat\u00eda y Fitoterapia I, II y III<\/li>\n<\/ul>\n<p>[\/vc_column_text][\/vc_tta_section][vc_tta_section title=\u00bbGasolineras\u00bb tab_id=\u00bb1595403341621-02363604-f493&#8243;][vc_column_text]<\/p>\n<ul>\n<li>Manipulaci\u00f3n de mercanc\u00edas peligrosas<\/li>\n<li>T\u00e9cnico en Prevenci\u00f3n de Riesgos Laborales en Estaciones de Servicios<\/li>\n<li>T\u00e9cnico Profesional en Manipulaci\u00f3n de Productos Peligrosos<\/li>\n<\/ul>\n<p>[\/vc_column_text][\/vc_tta_section][vc_tta_section title=\u00bbTransporte \/ Autoescuela \/ Seguridad vial\u00bb tab_id=\u00bb1557823289687-9c753562-5815&#8243;][vc_column_text]<\/p>\n<ul>\n<li>Obtenci\u00f3n permisos de conducci\u00f3n (A1, A2, B,\u2026)<\/li>\n<li>Seguridad en la conducci\u00f3n<\/li>\n<li>Prevenci\u00f3n de Riesgos Laborales In Itinere<\/li>\n<li>Prevenci\u00f3n de Riesgos laborales en el la conducci\u00f3n<\/li>\n<li>Conducci\u00f3n econ\u00f3mica<\/li>\n<li>Acompa\u00f1ante de transporte escolar<\/li>\n<li>Cami\u00f3n Pluma<\/li>\n<li>Carretillas<\/li>\n<li>Prevenci\u00f3n de riesgos laborales y medioambientales en mantenimiento de veh\u00edculos<\/li>\n<li>CAP\u2026<\/li>\n<\/ul>\n<p>[\/vc_column_text][\/vc_tta_section][vc_tta_section title=\u00bbHosteler\u00eda &#8211; Alimentaci\u00f3n\u00bb tab_id=\u00bb1557823596690-326ca7bc-5c71&#8243;][vc_column_text]<\/p>\n<ul>\n<li>Organizaci\u00f3n de equipos en teletrabajo<\/li>\n<li>Seguridad inform\u00e1tica en entornos de teletrabajo<\/li>\n<li>Coronavirus COVID-19 y tratamiento<\/li>\n<li>Limpieza, higienizaci\u00f3n y desinfecci\u00f3n (medidas COVID-19)<\/li>\n<li>Medidas de prevenci\u00f3n del CORONAVIRUS en HOSTELER\u00cdA<\/li>\n<li>Prevenci\u00f3n de Riesgos Laborales en hosteler\u00eda<\/li>\n<li>Manipulador de alimentos<\/li>\n<li>Trazabilidad y seguridad alimentaria<\/li>\n<li>Al\u00e9rgenos e intolerancias alimentarias<\/li>\n<li>Seguridad alimentaria. Sistema APPCC<\/li>\n<li>Seguridad e Higiene y Protecci\u00f3n Ambiental en Hosteler\u00eda<\/li>\n<li>Atenci\u00f3n al cliente<\/li>\n<li>T\u00e9cnicas de recepci\u00f3n y comunicaci\u00f3n<\/li>\n<li>Fidelizaci\u00f3n de clientes<\/li>\n<li>Gesti\u00f3n de la atenci\u00f3n al cliente\/consumidor<\/li>\n<li>Ingl\u00e9s para hosteler\u00eda<\/li>\n<li>Franc\u00e9s para hosteler\u00eda<\/li>\n<li>Alem\u00e1n para hosteler\u00eda<\/li>\n<li>Aplicaciones inform\u00e1ticas para hosteler\u00eda<\/li>\n<li>Twitter para hosteler\u00eda<\/li>\n<li>Facebook para hosteler\u00eda<\/li>\n<li>Fotograf\u00eda para hosteler\u00eda<\/li>\n<li>T\u00e9cnicas de fotograf\u00eda gastron\u00f3mica publicitaria<\/li>\n<li>Aprovisionamiento de Materias Primas en Cocina<\/li>\n<li>Pre-elaboraci\u00f3n y conservaci\u00f3n culinarias<\/li>\n<li>Elaboraci\u00f3n de platos combinados y aperitivos<\/li>\n<li>Cocina creativa o de autor<\/li>\n<li>Cocina espa\u00f1ola e internacional<\/li>\n<li>Decoraci\u00f3n y exposici\u00f3n de platos<\/li>\n<li>Seguridad e Higiene y Protecci\u00f3n Ambiental en Hosteler\u00eda<\/li>\n<li>Elaboraci\u00f3n de masas y pastas de pasteler\u00eda-reposter\u00eda<\/li>\n<li>Elaboraciones y presentaciones de postres de cocina<\/li>\n<li>Elaboraciones y presentaciones de helados<\/li>\n<li>El protocolo de sala en hosteler\u00eda<\/li>\n<li>Aprovisionamiento y Organizaci\u00f3n del office en alojamientos ( UF0038)<\/li>\n<li>Atenci\u00f3n al cliente en la limpieza de pisos en alojamientos ( UF0040)<\/li>\n<\/ul>\n<p>[\/vc_column_text][\/vc_tta_section][vc_tta_section title=\u00bbComercio \/ Almacen\u00bb tab_id=\u00bb1557823713754-10ac4020-64af\u00bb][vc_column_text]<\/p>\n<ul>\n<li>Organizaci\u00f3n de equipos en teletrabajo<\/li>\n<li>Seguridad inform\u00e1tica en entornos de teletrabajo<\/li>\n<li>Coronavirus COVID-19 y tratamiento<\/li>\n<li>Limpieza, higienizaci\u00f3n y desinfecci\u00f3n (medidas COVID-19)<\/li>\n<li>Medidas de prevenci\u00f3n del CORONAVIRUS en COMERCIO<\/li>\n<li>Prevenci\u00f3n de Riesgos Laborales en almacenes\/comercios<\/li>\n<li>Manipulaci\u00f3n de cargas con carretillas elevadoras<\/li>\n<li>Gesti\u00f3n de la prevenci\u00f3n de riesgos laborales<\/li>\n<li>Interiorismo comercial. Vender desde la imagen<\/li>\n<li>Escaparatismo y visual merchandising<\/li>\n<li>Animaci\u00f3n y presentaci\u00f3n del producto en el punto de venta<\/li>\n<li>Operaciones auxiliares de almacenaje<\/li>\n<li>Preparaci\u00f3n de pedidos<\/li>\n<li>Gesti\u00f3n de Pymes<\/li>\n<li>T\u00e9cnicas Administrativas de Oficina. Compra-venta<\/li>\n<li>Gesti\u00f3n de archivos<\/li>\n<li>Gesti\u00f3n administrativa del proceso comercial<\/li>\n<li>T\u00e9cnicas de Secretariado de direcci\u00f3n<\/li>\n<li>Organizaci\u00f3n de procesos de venta<\/li>\n<li>Aplicaciones inform\u00e1ticas de gesti\u00f3n comercial<\/li>\n<li>ClassicGes 6<\/li>\n<li>FacturaPlus<\/li>\n<li>T\u00e9cnicas de venta<\/li>\n<li>Atenci\u00f3n b\u00e1sica al cliente<\/li>\n<li>T\u00e9cnicas de recepci\u00f3n y comunicaci\u00f3n<\/li>\n<li>Fidelizaci\u00f3n de clientes<\/li>\n<li>Gesti\u00f3n de la atenci\u00f3n al cliente\/consumidor<\/li>\n<li>Organizaci\u00f3n de procesos de venta<\/li>\n<li>Las Nuevas Tecnolog\u00edas en la comunicaci\u00f3n y sus relaciones con la Administraci\u00f3n<\/li>\n<li>Personal shopper (estilismo, moda, maquillaje\u2026)<\/li>\n<li>Fashion project (estilismo, moda, marketing, coaching,\u2026)<\/li>\n<\/ul>\n<p>[\/vc_column_text][\/vc_tta_section][vc_tta_section title=\u00bbDespachos y oficinas\u00bb tab_id=\u00bb1557823903227-8bafe372-1dd6&#8243;][vc_column_text]<\/p>\n<ul>\n<li>Organizaci\u00f3n de equipos en teletrabajo<\/li>\n<li>Seguridad inform\u00e1tica en entornos de teletrabajo<\/li>\n<li>Coronavirus COVID-19 y tratamiento<\/li>\n<li>Limpieza, higienizaci\u00f3n y desinfecci\u00f3n (medidas COVID-19)<\/li>\n<li>An\u00e1lisis y Reducci\u00f3n de Costes<\/li>\n<li>Aplicaci\u00f3n del IVA I\/II<\/li>\n<li>Comunicaci\u00f3n oral y escrita en la empresa<\/li>\n<li>Gesti\u00f3n de PYMES<\/li>\n<li>Gu\u00eda para emprendedores \u00a0I\/II<\/li>\n<li>Supuestos pr\u00e1cticos contables I\/II<\/li>\n<li>T\u00e9cnicas administrativas de oficina<\/li>\n<li>T\u00e9cnicas de secretariado de direcci\u00f3n I\/II<\/li>\n<li>Introducci\u00f3n a la Contabilidad<\/li>\n<li>An\u00e1lisis y Reducci\u00f3n de Costes I\/II<\/li>\n<li>Contabilidad previsional<\/li>\n<li>Aplicaci\u00f3n del IVA I\/II<\/li>\n<li>Experto en prevenci\u00f3n del blanqueo de capitales y financiaci\u00f3n del terrorismo I\/II<\/li>\n<li>Obligaciones b\u00e1sicas para la prevenci\u00f3n del blanqueo de capitales y financiaci\u00f3n del terrorismo<\/li>\n<li>Aplicaciones inform\u00e1ticas de oficia<\/li>\n<li>ContaPlus<\/li>\n<li>FacturaPlus<\/li>\n<li>Gesti\u00f3n de Personal. N\u00f3minas<\/li>\n<li>ClasiccGes<\/li>\n<li>Inform\u00e1tica\/Ofim\u00e1tica<\/li>\n<li>Las Nuevas Tecnolog\u00edas en la comunicaci\u00f3n y sus relaciones con la Administraci\u00f3n<\/li>\n<li>Ingl\u00e9s<\/li>\n<li>Franc\u00e9s<\/li>\n<li>Alem\u00e1n<\/li>\n<li>Firma electr\u00f3nica<\/li>\n<li>CRM (centro de relaci\u00f3n con los clientes)<\/li>\n<li>Zoho CRM<\/li>\n<li>COREbosCRM<\/li>\n<\/ul>\n<p>[\/vc_column_text][\/vc_tta_section][vc_tta_section title=\u00bbPrevenci\u00f3n de riesgos laborales y seguridad\u00bb tab_id=\u00bb1557824096379-ca1242fb-074d\u00bb][vc_column_text]<\/p>\n<ul>\n<li>Prevenci\u00f3n de Riesgos Laborales B\u00e1sico<\/li>\n<li>Prevenci\u00f3n de Riesgos Laborales In Itinere<\/li>\n<li>Prevenci\u00f3n de Riesgos Laborales en la conducci\u00f3n<\/li>\n<li>Prevenci\u00f3n de Riesgos Laborales en trabajos de altura<\/li>\n<li>Prevenci\u00f3n de Riesgos Laborales (SECTORES):\n<ul>\n<li>Agricultura<\/li>\n<li>Construcci\u00f3n\/ Metal (PTC\/TPM)<\/li>\n<li>Gasolineras\/Emp.<\/li>\n<\/ul>\n<\/li>\n<li>Operador de Carretillas elevadoras<\/li>\n<li>Puente gr\u00faa\/Polipastos<\/li>\n<li>Cami\u00f3n Pluma<\/li>\n<li>Pimeros auxilios<\/li>\n<\/ul>\n<p>[\/vc_column_text][\/vc_tta_section][vc_tta_section title=\u00bbConstrucci\u00f3n\u00bb tab_id=\u00bb1595404309646-e73a6a57-b707&#8243;][vc_column_text]<\/p>\n<ul>\n<li>Prevenci\u00f3n de Riesgos Laborales B\u00e1sico\/Tarjeta Profesional de la Construcci\u00f3n(CERTIFICADO POR SERVICIO DE PREVENCI\u00d3N)<\/li>\n<li>TPC &#8211; Administrativo de Obra<\/li>\n<li>TPC &#8211; Personal directivo de empresa<\/li>\n<li>Prevenci\u00f3n de Riesgos Laborales en trabajos de altura<\/li>\n<li>Operador de Carretillas elevadoras<\/li>\n<li>Cami\u00f3n Pluma<\/li>\n<li>Primeros auxilios<\/li>\n<\/ul>\n<p>[\/vc_column_text][\/vc_tta_section][vc_tta_section title=\u00bbGuarder\u00edas \/ Centros de formaci\u00f3n\u00bb tab_id=\u00bb1557823333745-3b40e546-5a63&#8243;][vc_column_text]<\/p>\n<ul>\n<li>Mindfulness para docentes<\/li>\n<li>Resoluci\u00f3n de conflictos en la Escuela<\/li>\n<li>Educaci\u00f3n Infantil: Psicomotricidad y Socializaci\u00f3n Mediante el Juego<\/li>\n<li>Metodolog\u00edas en educaci\u00f3n infantil: propuestas y rincones<\/li>\n<li>Aplicaciones did\u00e1cticas de la pizarra digital<\/li>\n<li>El Juego y el cuento en la educaci\u00f3n infantil<\/li>\n<li>Estimulaci\u00f3n temprana<\/li>\n<li>Expresi\u00f3n corporal en la educaci\u00f3n infantil<\/li>\n<li>Expresi\u00f3n corporal, pl\u00e1stica y art\u00edstica en la educaci\u00f3n infantil<\/li>\n<li>Expresi\u00f3n pl\u00e1stica y art\u00edstica en la educaci\u00f3n infantil<\/li>\n<li>Inteligencia emocional<\/li>\n<li>Accesibilidad de la informaci\u00f3n y la comunicaci\u00f3n. La diversidad de personas usuarias<\/li>\n<li>Acci\u00f3n tutorial y mejora en la participaci\u00f3n de las familias<\/li>\n<li>Adaptaciones curriculares para el alumnado con altas capacidades desde la tutor\u00eda<\/li>\n<li>Atenci\u00f3n educativa al alumnado con dificultades de aprendizaje. Diversidad y adaptaciones curriculares en el aula<\/li>\n<li>Convivencia y buenas pr\u00e1cticas<\/li>\n<li>El trabajo en colaboraci\u00f3n, la tutor\u00eda y el equipo docente<\/li>\n<li>Escuela como contexto educativo y de convivencia<\/li>\n<li>Estrategias de afrontamiento y gesti\u00f3n de conflictos en la escuela<\/li>\n<li>Fundamentos, organizaci\u00f3n y planificaci\u00f3n de la acci\u00f3n tutorial orientadora<\/li>\n<li>Higiene y control de calidad de alimentos<\/li>\n<li>Integrar las TIC en la formaci\u00f3n del docente<\/li>\n<li>La comunicaci\u00f3n en el contexto de la familia y la escuela<\/li>\n<li>La Nube en Educaci\u00f3n<\/li>\n<li>La violencia filio-parental<\/li>\n<li>Los entornos personales de aprendizaje (PLE)<\/li>\n<li>Los entornos virtuales como espacios de ense\u00f1anza y aprendizaje<\/li>\n<li>Relaciones interpersonales en el aula y trabajo cooperativo<\/li>\n<li>T\u00e9cnicas espec\u00edficas de evaluaci\u00f3n y diagn\u00f3stico de la acci\u00f3n tutorial<\/li>\n<li>Tutor-formador (para certificados de profesionalidad) en teleformaci\u00f3n<\/li>\n<li>Tutor\u00eda y alumnado con trastornos graves de conducta<\/li>\n<li>Uso pedag\u00f3gico de las TIC en los diferentes contextos educativos<\/li>\n<li>Violencia de g\u00e9nero en la adolescencia<\/li>\n<li>Violencia y victimizaci\u00f3n escolar<\/li>\n<li>Web 2.0 y Redes Sociales para docentes<\/li>\n<li>Programaci\u00f3n did\u00e1ctica de acciones formativas para el empleo<\/li>\n<li>Elaboraci\u00f3n de materiales y recursos did\u00e1cticos en Formaci\u00f3n Profesional para el Empleo<\/li>\n<li>Impartici\u00f3n de acciones formativas para el empleo<\/li>\n<li>Tutorizaci\u00f3n de acciones formativas para el empleo<\/li>\n<li>Evaluaci\u00f3n del proceso de ense\u00f1anza-aprendizaje en Formaci\u00f3n Profesional para el Empleo<\/li>\n<li>Orientaci\u00f3n laboral y promoci\u00f3n de la calidad en la Formaci\u00f3n Profesional para el Empleo<\/li>\n<\/ul>\n<p>[\/vc_column_text][\/vc_tta_section][vc_tta_section title=\u00bbSocio sanitario\u00bb tab_id=\u00bb1557823113983-f33f301a-57a7&#8243;][vc_column_text]<\/p>\n<ul>\n<li>Organizaci\u00f3n de equipos en teletrabajo<\/li>\n<li>Seguridad inform\u00e1tica en entornos de teletrabajo<\/li>\n<li>Coronavirus COVID-19 y tratamiento<\/li>\n<li>Limpieza, higienizaci\u00f3n y desinfecci\u00f3n (medidas COVID-19)<\/li>\n<li>Coronavirus COVID-19 y tratamiento &#8211; Medidas en las instituciones de salud y centros de mayores<\/li>\n<li>Medidas de prevenci\u00f3n del CORONAVIRUS<\/li>\n<li>T\u00e9cnicas de comunicaci\u00f3n con personas dependientes en instituciones<\/li>\n<li>Intervenci\u00f3n en la atenci\u00f3n sociosanitaria en instituciones<\/li>\n<li>Mantenimiento y mejora de las actividades diarias de personas dependientes en instituciones<\/li>\n<li>Animaci\u00f3n social de personas dependientes en instituciones<\/li>\n<li>Intervenci\u00f3n en la atenci\u00f3n higi\u00e9nico-alimentaria en instituciones<\/li>\n<li>Apoyo en la organizaci\u00f3n de actividades para personas dependientes en instituciones<\/li>\n<li>Apoyo en la recepci\u00f3n y acogida en instituciones de personas dependientes<\/li>\n<li>Interrelaci\u00f3n, comunicaci\u00f3n y observaci\u00f3n con la persona dependiente y su entorno<\/li>\n<li>Caracter\u00edsticas y necesidades de atenci\u00f3n higi\u00e9nico-sanitaria de las personas dependientes<\/li>\n<li>La inteligencia emocional y su trascendencia en la organizaci\u00f3n empresarial<\/li>\n<li>C\u00f3mo reducir el estr\u00e9s laboral<\/li>\n<li>Habilidades de coaching<\/li>\n<li>Prevenci\u00f3n de Riesgos Laborales<\/li>\n<li>Manipulador de alimentos<\/li>\n<li>Seguridad alimentarias<\/li>\n<li>APPCC<\/li>\n<\/ul>\n<p>[\/vc_column_text][\/vc_tta_section][vc_tta_section title=\u00bbPeluquer\u00eda y est\u00e9tica\u00bb tab_id=\u00bb1595404876725-26fa965a-c1d0&#8243;][vc_column_text]<\/p>\n<ul>\n<li>Medidas de prevenci\u00f3n del CORONAVIRUS.<\/li>\n<li>Prevenci\u00f3n de riesgos laborales en peluquer\u00edas<\/li>\n<li>Salud laboral<\/li>\n<li>Peinados y recogidos<\/li>\n<li>Maquillaje social<\/li>\n<li>Personal shopper (estilismo, moda, maquillaje\u2026)<\/li>\n<li>Fashion project (estilismo, moda, marketing, coaching,\u2026)<\/li>\n<li>Elaboraci\u00f3n de propuestas de cambios de estilo del cabello en cuanto a la forma, el color o el peinado para cambios de imagen<\/li>\n<li>Elaboraci\u00f3n y presentaci\u00f3n de propuestas t\u00e9cnicas de tratamientos est\u00e9ticos, cuidados est\u00e9ticos y t\u00e9cnicas asociadas<\/li>\n<\/ul>\n<p>[\/vc_column_text][\/vc_tta_section][vc_tta_section title=\u00bbInmobiliarias y seguros\u00bb tab_id=\u00bb1557823195132-34172c2e-19b0&#8243;][vc_column_text]<\/p>\n<ul>\n<li>Gesti\u00f3n Comercial Inmobiliaria I y II<\/li>\n<li>T\u00e9cnico profesional en direcci\u00f3n y gesti\u00f3n inmobiliaria I, II y III<\/li>\n<li>Comercializaci\u00f3n Inmobiliaria I y II<\/li>\n<li>Comercializaci\u00f3n inmobiliaria I y II<\/li>\n<li>Asesoramiento inmobiliario I y II<\/li>\n<li>Gesti\u00f3n Documental y Legal de la Intermediaci\u00f3n Inmobiliaria I, II y III<\/li>\n<li>Perito Judicial Inmobiliario I, II, III y IV<\/li>\n<li>Mediaci\u00f3n de Seguros y Reaseguros Privados y Actividades Auxiliares I, II, III, IV, V y VI<\/li>\n<li>Gesti\u00f3n Comercial y T\u00e9cnica de Seguros y Reaseguros Privados I, II, III, IV, V y VI<\/li>\n<li>Agente de Seguros I y II<\/li>\n<li>Gesti\u00f3n de las relaciones con el cliente (CRM)<\/li>\n<\/ul>\n<p>[\/vc_column_text][\/vc_tta_section][\/vc_tta_accordion][\/vc_column][\/vc_row]<\/p>\n","protected":false},"excerpt":{"rendered":"<p>[vc_row css=\u00bb.vc_custom_1524216973142{padding-top: 60px !important;padding-bottom: 60px !important;}\u00bb][vc_column width=\u00bb1\/2&#8243;][vc_single_image image=\u00bb6036&#8243; img_size=\u00bbfull\u00bb][vc_empty_space height=\u00bb20px\u00bb][vc_single_image image=\u00bb6099&#8243; img_size=\u00bbfull\u00bb][\/vc_column][vc_column width=\u00bb1\/2&#8243;][vc_column_text] Las \u00a0empresas con trabajadores en el r\u00e9gimen general de la seguridad social disponen de una cuota anual para invertir en formaci\u00f3n. Esta cuota \u00fanicamente podr\u00e1 ser utilizada en formaci\u00f3n y podr\u00e1 acumularse de una a\u00f1o para otro. La mayor\u00eda de las veces<a class=\"read-more\" href=\"https:\/\/aula-cecca.es\/wp_xeral_25_02\/formacion-bonificada\/\">Seguir leyendo <i class=\"fa fa-angle-right fa-lg\"><\/i><\/a><\/p>\n","protected":false},"author":2,"featured_media":0,"parent":0,"menu_order":0,"comment_status":"closed","ping_status":"closed","template":"","meta":{"content-type":"","_monsterinsights_skip_tracking":false,"_monsterinsights_sitenote_active":false,"_monsterinsights_sitenote_note":"","_monsterinsights_sitenote_category":0,"footnotes":""},"yoast_head":"<!-- This site is optimized with the Yoast SEO plugin v22.1 - https:\/\/yoast.com\/wordpress\/plugins\/seo\/ -->\n<title>Formaci\u00f3n bonificada - CECCA FORMACI\u00d3N<\/title>\n<meta name=\"robots\" content=\"index, follow, max-snippet:-1, max-image-preview:large, max-video-preview:-1\" \/>\n<link rel=\"canonical\" href=\"https:\/\/aula-cecca.es\/wp_xeral_25_02\/formacion-bonificada\/\" \/>\n<meta property=\"og:locale\" content=\"es_ES\" \/>\n<meta property=\"og:type\" content=\"article\" \/>\n<meta property=\"og:title\" content=\"Formaci\u00f3n bonificada - CECCA FORMACI\u00d3N\" \/>\n<meta property=\"og:description\" content=\"[vc_row css=\u00bb.vc_custom_1524216973142{padding-top: 60px !important;padding-bottom: 60px !important;}\u00bb][vc_column width=\u00bb1\/2&#8243;][vc_single_image image=\u00bb6036&#8243; img_size=\u00bbfull\u00bb][vc_empty_space height=\u00bb20px\u00bb][vc_single_image image=\u00bb6099&#8243; img_size=\u00bbfull\u00bb][\/vc_column][vc_column width=\u00bb1\/2&#8243;][vc_column_text] Las \u00a0empresas con trabajadores en el r\u00e9gimen general de la seguridad social disponen de una cuota anual para invertir en formaci\u00f3n. Esta cuota \u00fanicamente podr\u00e1 ser utilizada en formaci\u00f3n y podr\u00e1 acumularse de una a\u00f1o para otro. La mayor\u00eda de las vecesSeguir leyendo\" \/>\n<meta property=\"og:url\" content=\"https:\/\/aula-cecca.es\/wp_xeral_25_02\/formacion-bonificada\/\" \/>\n<meta property=\"og:site_name\" content=\"CECCA FORMACI\u00d3N\" \/>\n<meta property=\"article:modified_time\" content=\"2024-02-28T22:26:29+00:00\" \/>\n<meta name=\"twitter:card\" content=\"summary_large_image\" \/>\n<meta name=\"twitter:label1\" content=\"Tiempo de lectura\" \/>\n\t<meta name=\"twitter:data1\" content=\"11 minutos\" \/>\n<script type=\"application\/ld+json\" class=\"yoast-schema-graph\">{\"@context\":\"https:\/\/schema.org\",\"@graph\":[{\"@type\":\"WebPage\",\"@id\":\"https:\/\/aula-cecca.es\/wp_xeral_25_02\/formacion-bonificada\/\",\"url\":\"https:\/\/aula-cecca.es\/wp_xeral_25_02\/formacion-bonificada\/\",\"name\":\"Formaci\u00f3n bonificada - CECCA FORMACI\u00d3N\",\"isPartOf\":{\"@id\":\"https:\/\/aula-cecca.es\/wp_xeral_25_02\/#website\"},\"datePublished\":\"2018-04-18T09:19:07+00:00\",\"dateModified\":\"2024-02-28T22:26:29+00:00\",\"inLanguage\":\"es\",\"potentialAction\":[{\"@type\":\"ReadAction\",\"target\":[\"https:\/\/aula-cecca.es\/wp_xeral_25_02\/formacion-bonificada\/\"]}]},{\"@type\":\"WebSite\",\"@id\":\"https:\/\/aula-cecca.es\/wp_xeral_25_02\/#website\",\"url\":\"https:\/\/aula-cecca.es\/wp_xeral_25_02\/\",\"name\":\"CECCA FORMACI\u00d3N\",\"description\":\"CECCA FORMACI\u00d3N centra su actividad en la formaci\u00f3n de trabajadores y est\u00e1 especializada en formaci\u00f3n OnLine\",\"potentialAction\":[{\"@type\":\"SearchAction\",\"target\":{\"@type\":\"EntryPoint\",\"urlTemplate\":\"https:\/\/aula-cecca.es\/wp_xeral_25_02\/?s={search_term_string}\"},\"query-input\":\"required name=search_term_string\"}],\"inLanguage\":\"es\"}]}<\/script>\n<!-- \/ Yoast SEO plugin. -->","yoast_head_json":{"title":"Formaci\u00f3n bonificada - CECCA FORMACI\u00d3N","robots":{"index":"index","follow":"follow","max-snippet":"max-snippet:-1","max-image-preview":"max-image-preview:large","max-video-preview":"max-video-preview:-1"},"canonical":"https:\/\/aula-cecca.es\/wp_xeral_25_02\/formacion-bonificada\/","og_locale":"es_ES","og_type":"article","og_title":"Formaci\u00f3n bonificada - CECCA FORMACI\u00d3N","og_description":"[vc_row css=\u00bb.vc_custom_1524216973142{padding-top: 60px !important;padding-bottom: 60px !important;}\u00bb][vc_column width=\u00bb1\/2&#8243;][vc_single_image image=\u00bb6036&#8243; img_size=\u00bbfull\u00bb][vc_empty_space height=\u00bb20px\u00bb][vc_single_image image=\u00bb6099&#8243; img_size=\u00bbfull\u00bb][\/vc_column][vc_column width=\u00bb1\/2&#8243;][vc_column_text] Las \u00a0empresas con trabajadores en el r\u00e9gimen general de la seguridad social disponen de una cuota anual para invertir en formaci\u00f3n. Esta cuota \u00fanicamente podr\u00e1 ser utilizada en formaci\u00f3n y podr\u00e1 acumularse de una a\u00f1o para otro. La mayor\u00eda de las vecesSeguir leyendo","og_url":"https:\/\/aula-cecca.es\/wp_xeral_25_02\/formacion-bonificada\/","og_site_name":"CECCA FORMACI\u00d3N","article_modified_time":"2024-02-28T22:26:29+00:00","twitter_card":"summary_large_image","twitter_misc":{"Tiempo de lectura":"11 minutos"},"schema":{"@context":"https:\/\/schema.org","@graph":[{"@type":"WebPage","@id":"https:\/\/aula-cecca.es\/wp_xeral_25_02\/formacion-bonificada\/","url":"https:\/\/aula-cecca.es\/wp_xeral_25_02\/formacion-bonificada\/","name":"Formaci\u00f3n bonificada - CECCA FORMACI\u00d3N","isPartOf":{"@id":"https:\/\/aula-cecca.es\/wp_xeral_25_02\/#website"},"datePublished":"2018-04-18T09:19:07+00:00","dateModified":"2024-02-28T22:26:29+00:00","inLanguage":"es","potentialAction":[{"@type":"ReadAction","target":["https:\/\/aula-cecca.es\/wp_xeral_25_02\/formacion-bonificada\/"]}]},{"@type":"WebSite","@id":"https:\/\/aula-cecca.es\/wp_xeral_25_02\/#website","url":"https:\/\/aula-cecca.es\/wp_xeral_25_02\/","name":"CECCA FORMACI\u00d3N","description":"CECCA FORMACI\u00d3N centra su actividad en la formaci\u00f3n de trabajadores y est\u00e1 especializada en formaci\u00f3n OnLine","potentialAction":[{"@type":"SearchAction","target":{"@type":"EntryPoint","urlTemplate":"https:\/\/aula-cecca.es\/wp_xeral_25_02\/?s={search_term_string}"},"query-input":"required name=search_term_string"}],"inLanguage":"es"}]}},"_links":{"self":[{"href":"https:\/\/aula-cecca.es\/wp_xeral_25_02\/wp-json\/wp\/v2\/pages\/5994"}],"collection":[{"href":"https:\/\/aula-cecca.es\/wp_xeral_25_02\/wp-json\/wp\/v2\/pages"}],"about":[{"href":"https:\/\/aula-cecca.es\/wp_xeral_25_02\/wp-json\/wp\/v2\/types\/page"}],"author":[{"embeddable":true,"href":"https:\/\/aula-cecca.es\/wp_xeral_25_02\/wp-json\/wp\/v2\/users\/2"}],"replies":[{"embeddable":true,"href":"https:\/\/aula-cecca.es\/wp_xeral_25_02\/wp-json\/wp\/v2\/comments?post=5994"}],"version-history":[{"count":43,"href":"https:\/\/aula-cecca.es\/wp_xeral_25_02\/wp-json\/wp\/v2\/pages\/5994\/revisions"}],"predecessor-version":[{"id":6262,"href":"https:\/\/aula-cecca.es\/wp_xeral_25_02\/wp-json\/wp\/v2\/pages\/5994\/revisions\/6262"}],"wp:attachment":[{"href":"https:\/\/aula-cecca.es\/wp_xeral_25_02\/wp-json\/wp\/v2\/media?parent=5994"}],"curies":[{"name":"wp","href":"https:\/\/api.w.org\/{rel}","templated":true}]}}